{"id":115,"date":"2021-03-11T11:02:28","date_gmt":"2021-03-11T10:02:28","guid":{"rendered":"https:\/\/www.geoqual.fr\/?page_id=115"},"modified":"2021-03-12T13:23:24","modified_gmt":"2021-03-12T12:23:24","slug":"le-potentiel-regional","status":"publish","type":"page","link":"https:\/\/www.geoqual.fr\/index.php\/le-potentiel-regional\/","title":{"rendered":"Le potentiel r\u00e9gional"},"content":{"rendered":"\n<p>Une interrogation qui revient r\u00e9guli\u00e8rement est la suivante : quel est le potentiel de la g\u00e9othermie en r\u00e9gion ? Une utilisation trop intense de la g\u00e9othermie est-elle susceptible d&rsquo;entra\u00eener des probl\u00e8mes de p\u00e9rennit\u00e9 ?<\/p>\n\n\n\n<p>Un calcul d&rsquo;ordre de grandeur permet de r\u00e9pondre \u00e0 cette question : il se limitera \u00e0 la prise en compte du potentiel des 200 premiers m\u00e8tres de sous-sol, afin de ne tenir compte que de g\u00e9othermie \u00ab\u00a0facilement reproductible\u00a0\u00bb au sens de la r\u00e9glementation (<a rel=\"noreferrer noopener\" href=\"https:\/\/www.legifrance.gouv.fr\/loda\/article_lc\/LEGIARTI000041422485\" data-type=\"URL\" data-id=\"https:\/\/www.legifrance.gouv.fr\/loda\/article_lc\/LEGIARTI000041422485\" target=\"_blank\">cadre de la Minime Importance<\/a>).<\/p>\n\n\n\n<p>Le territoire r\u00e9gional s&rsquo;\u00e9tale sur une surface de 39 151 km<sup>2<\/sup>. Le sous-sol ayant une capacit\u00e9 thermique relativement stable, autour de 2,2 MJ\/(m<sup>3<\/sup>.K), l&rsquo;\u00e9nergie g\u00e9othermique disponible est, aux arrondis pr\u00e8s, 4 800 TWh\/\u00b0C. Selon le <a rel=\"noreferrer noopener\" href=\"https:\/\/www.centre-valdeloire.fr\/comprendre\/territoire\/centre-val-de-loire-la-region-360deg\" data-type=\"URL\" data-id=\"https:\/\/www.centre-valdeloire.fr\/comprendre\/territoire\/centre-val-de-loire-la-region-360deg\" target=\"_blank\">SRADDET<\/a> (p95), les besoins \u00e9nerg\u00e9tiques des b\u00e2timents en r\u00e9gion sont de l&rsquo;ordre de 30 TWh\/an.<\/p>\n\n\n\n<p>En supposant qu&rsquo;il ne s&rsquo;agisse que de besoins de chaleur, qui seraient de surcro\u00eet enti\u00e8rement satisfaits par g\u00e9othermie, <strong>on pourrait (peut-\u00eatre) modifier la temp\u00e9rature du sous-sol de 1\u00b0C dans 160 ans<\/strong>. Et encore, on ne tient alors pas compte de l&rsquo;aspect \u00ab\u00a0renouvelable\u00a0\u00bb de cette \u00e9nergie, c&rsquo;est-\u00e0-dire du fait que le sol va tendre \u00e0 reprendre sa temp\u00e9rature normale au cours de ces 160 ans.<\/p>\n\n\n\n<p>Ainsi, la g\u00e9othermie \u00e0 elle-seule suffirait \u00e0 satisfaire l&rsquo;ensemble des besoins thermiques des b\u00e2timents. <strong>La ressource en g\u00e9othermie n&rsquo;est absolument pas un facteur limitant son emploi !<\/strong><\/p>\n","protected":false},"excerpt":{"rendered":"<p>Une interrogation qui revient r\u00e9guli\u00e8rement est la suivante : quel est le potentiel de la g\u00e9othermie en r\u00e9gion ? Une utilisation trop intense de la g\u00e9othermie est-elle susceptible d&rsquo;entra\u00eener des probl\u00e8mes de p\u00e9rennit\u00e9 ? Un calcul d&rsquo;ordre de grandeur permet de r\u00e9pondre \u00e0 cette question : il se limitera \u00e0 la prise en compte du [&hellip;]<\/p>\n","protected":false},"author":1,"featured_media":0,"parent":0,"menu_order":0,"comment_status":"closed","ping_status":"closed","template":"","meta":{"footnotes":""},"class_list":["post-115","page","type-page","status-publish","hentry"],"_links":{"self":[{"href":"https:\/\/www.geoqual.fr\/index.php\/wp-json\/wp\/v2\/pages\/115","targetHints":{"allow":["GET"]}}],"collection":[{"href":"https:\/\/www.geoqual.fr\/index.php\/wp-json\/wp\/v2\/pages"}],"about":[{"href":"https:\/\/www.geoqual.fr\/index.php\/wp-json\/wp\/v2\/types\/page"}],"author":[{"embeddable":true,"href":"https:\/\/www.geoqual.fr\/index.php\/wp-json\/wp\/v2\/users\/1"}],"replies":[{"embeddable":true,"href":"https:\/\/www.geoqual.fr\/index.php\/wp-json\/wp\/v2\/comments?post=115"}],"version-history":[{"count":3,"href":"https:\/\/www.geoqual.fr\/index.php\/wp-json\/wp\/v2\/pages\/115\/revisions"}],"predecessor-version":[{"id":139,"href":"https:\/\/www.geoqual.fr\/index.php\/wp-json\/wp\/v2\/pages\/115\/revisions\/139"}],"wp:attachment":[{"href":"https:\/\/www.geoqual.fr\/index.php\/wp-json\/wp\/v2\/media?parent=115"}],"curies":[{"name":"wp","href":"https:\/\/api.w.org\/{rel}","templated":true}]}}